{"id":7848,"date":"2026-03-11T10:58:55","date_gmt":"2026-03-11T09:58:55","guid":{"rendered":"https:\/\/www.kunstbuero-bw.de\/de\/?post_type=call&#038;p=7848"},"modified":"2026-04-13T18:19:03","modified_gmt":"2026-04-13T16:19:03","slug":"vorbrenner-open-call-2027","status":"publish","type":"call","link":"https:\/\/www.kunstbuero-bw.de\/de\/call\/vorbrenner-open-call-2027\/","title":{"rendered":"VORBRENNER &#8211; OPEN CALL 2027"},"content":{"rendered":"\n<div class=\"wp-block-columns is-layout-flex wp-container-core-columns-is-layout-1250aeed wp-block-columns-is-layout-flex\">\n<div class=\"wp-block-column is-layout-flow wp-block-column-is-layout-flow\" style=\"flex-basis:66.66%\">\n<p class=\"wp-block-paragraph\">VORBRENNER ist eine Plattform f\u00fcr zeitgen\u00f6ssische Kunstformate, die \u00fcber Sparten- und Genregrenzen hinweg prozessorientiertes Arbeiten f\u00f6rdert. Sowohl f\u00fcr Kollektive als auch f\u00fcr Einzelk\u00fcnstler*innen, die sich auf Basis eines interdisziplin\u00e4ren Kunst- und Wissenschaftsbegriffes auf die Suche nach neuen Erkenntnissen und zeitgen\u00f6ssischen Ausdrucksformen begeben wollen, werden hier M\u00f6glichkeiten tempor\u00e4rer Zusammenarbeit geboten. Gesucht sind interdisziplin\u00e4re Projekte mit einem experimentellen Ansatz, die an den Schnittstellen von Architektur, Bildender Kunst, Film, Fotografie, Literatur, Musik, Performance, Theater, Virtual\/Extended Reality uvm. Arbeiten. Die VORBRENNER-Projekte stellen gemeinsam ein Jahresprogramm dar, das in den Monaten April, Juni, September und Oktober umgesetzt wird. In diesem Zeitraum stehen die R\u00e4ume des BRUX f\u00fcr Projektarbeiten und Veranstaltungen zur Verf\u00fcgung. Die Projekte k\u00f6nnen alternativ auch im \u00f6ffentlichen Raum (Innsbruck\/Tirol) umgesetzt werden.<\/p>\n\n\n\n<p class=\"wp-block-paragraph\">K\u00fcnstler:innen(gruppen) k\u00f6nnen sich mit interdisziplin\u00e4ren Projekten bewerben.<\/p>\n\n\n\n<p class=\"wp-block-paragraph\">VORBRENNER verf\u00fcgt jedes Jahr \u00fcber EUR 40.000,- f\u00fcr die Entwicklung neuer Projekte (gef\u00f6rdert von Stadt Innsbruck, Land Tirol und Bund). Dieser Betrag steht den von einer Fachjury ausgew\u00e4hlten Projekten und deren Einreicher*innen zur Verf\u00fcgung und wird auf die Projekte aufgeteilt und in Form von Geld, Raum, Technik, PR und Beratung zur Seite gestellt. Die ausgew\u00e4hlten Projektr\u00e4ger*innen werden bei Umsetzung, Budgetierung, Koordination, Verwaltung und Dokumentation von VORBRENNER unterst\u00fctzt.<\/p>\n\n\n\n<p class=\"wp-block-paragraph\"><strong>Weitere Informationen gibt es unter: <a href=\"https:\/\/vorbrenner.at\/open-call\" data-type=\"link\" data-id=\"https:\/\/vorbrenner.at\/open-call\" target=\"_blank\" rel=\"noreferrer noopener\">vorbrenner.at<\/a><\/strong><\/p>\n<\/div>\n\n\n\n<div class=\"wp-block-column is-layout-flow wp-block-column-is-layout-flow\" style=\"flex-basis:33.33%\">\n<p class=\"wp-block-paragraph\" style=\"text-transform:uppercase\"><strong>KontaKt<\/strong><\/p>\n\n\n\n<p class=\"wp-block-paragraph\">VORBRENNER OFFICE<br>c\/o The Soap Room, Innstra\u00dfe 23<br>6020 Innsbruck<br>Tel. +43-681-2039-6845<br>Mail: <a href=\"mailto:info@vorbrenner.at\" target=\"_blank\" rel=\"noreferrer noopener\">info(at)vorbrenner.at<\/a><br>Mail: <a href=\"mailto:sabrina@vorbrenner.at\" target=\"_blank\" rel=\"noreferrer noopener\">sabrina(at)vorbrenner.at<\/a><\/p>\n\n\n\n<p class=\"wp-block-paragraph\"><strong>Deadline: <strong>03. Mai 2026 (23:59, MESZ)<\/strong><\/strong><\/p>\n<\/div>\n<\/div>\n","protected":false},"featured_media":3345,"template":"","tags":[33],"class_list":["post-7848","call","type-call","status-publish","has-post-thumbnail","hentry","tag-wettbewerbe"],"acf":[],"_links":{"self":[{"href":"https:\/\/www.kunstbuero-bw.de\/de\/wp-json\/wp\/v2\/call\/7848","targetHints":{"allow":["GET"]}}],"collection":[{"href":"https:\/\/www.kunstbuero-bw.de\/de\/wp-json\/wp\/v2\/call"}],"about":[{"href":"https:\/\/www.kunstbuero-bw.de\/de\/wp-json\/wp\/v2\/types\/call"}],"wp:featuredmedia":[{"embeddable":true,"href":"https:\/\/www.kunstbuero-bw.de\/de\/wp-json\/wp\/v2\/media\/3345"}],"wp:attachment":[{"href":"https:\/\/www.kunstbuero-bw.de\/de\/wp-json\/wp\/v2\/media?parent=7848"}],"wp:term":[{"taxonomy":"post_tag","embeddable":true,"href":"https:\/\/www.kunstbuero-bw.de\/de\/wp-json\/wp\/v2\/tags?post=7848"}],"curies":[{"name":"wp","href":"https:\/\/api.w.org\/{rel}","templated":true}]}}