{"id":8504,"date":"2026-09-01T15:19:02","date_gmt":"2026-09-01T13:19:02","guid":{"rendered":"https:\/\/www.kunstbuero-bw.de\/de\/?post_type=call&#038;p=8504"},"modified":"2026-09-01T15:19:03","modified_gmt":"2026-09-01T13:19:03","slug":"neuwerk-lake-residency","status":"publish","type":"call","link":"https:\/\/www.kunstbuero-bw.de\/de\/call\/neuwerk-lake-residency\/","title":{"rendered":"NEUWERK &#8211; LAKE RESIDENCY"},"content":{"rendered":"\n<div class=\"wp-block-columns is-layout-flex wp-container-core-columns-is-layout-1250aeed wp-block-columns-is-layout-flex\">\n<div class=\"wp-block-column is-layout-flow wp-block-column-is-layout-flow\" style=\"flex-basis:66.66%\">\n<p class=\"wp-block-paragraph\">Die Lake Residency bietet Zeit und Raum f\u00fcr konzentriertes Arbeiten, neue Impulse und interdisziplin\u00e4ren Austausch. Sie verbindet regionale und internationale Perspektiven mit der Stadtgesellschaft, der Kulturregion Bodensee und den kreativen Arbeitswelten des Neuwerks.<\/p>\n\n\n\n<p class=\"wp-block-paragraph\">Die erste Neuwerk Lake Residency findet vom 1. Mai bis 30. Juni 2027 statt. Im Anschluss werden die entstandenen oder weiterentwickelten Arbeiten im Gew\u00f6lbekeller des Kulturzentrums am M\u00fcnster pr\u00e4sentiert. Zur Residenz geh\u00f6rt ein \u00f6ffentliches Begleitprogramm, das die nachfolgenden K\u00fcnstlerinnen und K\u00fcnstler selbst konzipieren oder mitgestalten k\u00f6nnen. M\u00f6glich sind beispielsweise ein Artist Talk, ein Open Studio, ein Workshop oder ein Werkstattgespr\u00e4ch.<\/p>\n\n\n\n<p class=\"wp-block-paragraph\">Das Programm richtet sich an professionell arbeitende, aufstrebende K\u00fcnstlerinnen und K\u00fcnstler mit einer eigenst\u00e4ndigen Praxis in zeitgen\u00f6ssischer Kunst oder Gestaltung. Bewerbungen sind regional, national und international m\u00f6glich.<\/p>\n\n\n\n<p class=\"wp-block-paragraph\">Die Residenz umfasst: 2-3 Monate Atelieraufenthalt mit Wohnm\u00f6glichkeit und inkl. Nebenkosten Wohnen; Anschlie\u00dfende Ausstellung 2-3 Monate an unterschiedlichen Orten in der Region Konstanz; Reisekosten, Lebenshaltungskosten, Versicherungen und Honorare werden nicht \u00fcbernommen. Die K\u00fcnstlerinnen und K\u00fcnstler m\u00fcssen ihren Aufenthalt selbst finanzieren k\u00f6nnen.&nbsp; F\u00fcr die Ausstellung wird ein individuell vereinbartes Umsetzungsbudget (Aufbau, Gestaltung und Werbemittel) bereitgestellt.<\/p>\n\n\n\n<p class=\"wp-block-paragraph\"><strong>Weitere Informationen gibt es unter: <a href=\"https:\/\/lakeresidency.org\/#programm\" data-type=\"link\" data-id=\"https:\/\/ovf.wettbewerbe-aktuell.de\/de\/wettbewerb-49239\" target=\"_blank\" rel=\"noopener\">lakeresidency.org<\/a><\/strong><\/p>\n<\/div>\n\n\n\n<div class=\"wp-block-column is-layout-flow wp-block-column-is-layout-flow\" style=\"flex-basis:33.33%\">\n<p class=\"wp-block-paragraph\" style=\"text-transform:uppercase\"><strong>KONTAKT<\/strong><\/p>\n\n\n\n<p class=\"wp-block-paragraph\">Neuwerk eG<br>Neuwerk Lake Residency Programm<br>Ansprechpartnerin: Silke Grassl<br>Oberlohnstra\u00dfe 3<br>78467 Konstanz<br>Tel.: +49 7531 4549406<br>Mail: <a href=\"mailto:info@neuwerk.org\" target=\"_blank\" rel=\"noopener\">info(at)neuwerk.org<\/a><\/p>\n\n\n\n<p class=\"wp-block-paragraph\"><strong>Deadline: 31. Oktober 2026<\/strong><\/p>\n<\/div>\n<\/div>\n\n\n\n<p class=\"wp-block-paragraph\"><\/p>\n","protected":false},"featured_media":3345,"template":"","tags":[38],"class_list":["post-8504","call","type-call","status-publish","has-post-thumbnail","hentry","tag-extras"],"acf":[],"_links":{"self":[{"href":"https:\/\/www.kunstbuero-bw.de\/de\/wp-json\/wp\/v2\/call\/8504","targetHints":{"allow":["GET"]}}],"collection":[{"href":"https:\/\/www.kunstbuero-bw.de\/de\/wp-json\/wp\/v2\/call"}],"about":[{"href":"https:\/\/www.kunstbuero-bw.de\/de\/wp-json\/wp\/v2\/types\/call"}],"wp:featuredmedia":[{"embeddable":true,"href":"https:\/\/www.kunstbuero-bw.de\/de\/wp-json\/wp\/v2\/media\/3345"}],"wp:attachment":[{"href":"https:\/\/www.kunstbuero-bw.de\/de\/wp-json\/wp\/v2\/media?parent=8504"}],"wp:term":[{"taxonomy":"post_tag","embeddable":true,"href":"https:\/\/www.kunstbuero-bw.de\/de\/wp-json\/wp\/v2\/tags?post=8504"}],"curies":[{"name":"wp","href":"https:\/\/api.w.org\/{rel}","templated":true}]}}