{"id":8505,"date":"2026-09-01T15:30:46","date_gmt":"2026-09-01T13:30:46","guid":{"rendered":"https:\/\/www.kunstbuero-bw.de\/de\/?post_type=call&#038;p=8505"},"modified":"2026-09-01T15:30:46","modified_gmt":"2026-09-01T13:30:46","slug":"frau-schafft-raum-ausstellungskonzepte-femizid","status":"publish","type":"call","link":"https:\/\/www.kunstbuero-bw.de\/de\/call\/frau-schafft-raum-ausstellungskonzepte-femizid\/","title":{"rendered":"FRAU* SCHAFFT RAUM &#8211; AUSSTELLUNGSKONZEPTE: \u201eFEMIZID\u201d"},"content":{"rendered":"\n<div class=\"wp-block-columns is-layout-flex wp-container-core-columns-is-layout-1250aeed wp-block-columns-is-layout-flex\">\n<div class=\"wp-block-column is-layout-flow wp-block-column-is-layout-flow\" style=\"flex-basis:66.66%\">\n<p class=\"wp-block-paragraph\">FRAU* schafft Raum ist ein Hybrid aus Erinnerungsort und Kunstraum. F\u00fcr die k\u00fcnstlerische Bespielung der ehemaligen Trafik wird im Zusammenhang mit der Geschichte des Ortes das Thema \u201eFemizid\u201c in den Fokus gestellt. K\u00fcnstlerinnen* sind aufgerufen, Ausstellungskonzepte, die sich thematisch mit Femizid, Gewalt an Frauen*, Frauen*rechte als Menschenrechte, Solidarit\u00e4t und Empowerment auseinandersetzen, einzureichen. Der aktuelle Call betrifft den Zeitraum J\u00e4nner 2027 \u2013 Dezember 2028. Ausgew\u00e4hlt werden vier Ausstellungskonzepte. Die jeweilige Ausstellungsdauer betr\u00e4gt ca. 24 Wochen. Die Ausstellungen sind rund um die Uhr einsehbar und tags\u00fcber f\u00fcr Besucher*innen zug\u00e4nglich. Pro Ausstellung wird eine Vernissage organisiert.<\/p>\n\n\n\n<p class=\"wp-block-paragraph\">Der Call richtet sich prim\u00e4r an K\u00fcnstlerinnen* aus den verschiedenen Bereichen der Bildenden Kunst, aber auch transdisziplin\u00e4re Projekte und (kombinierte) Werke der Darstellenden K\u00fcnste k\u00f6nnen eingereicht werden. Mindestanforderung ist ein abgeschlossenes Studium an einer Kunstuniversit\u00e4t bzw. Kunsthochschule und eine mindestens 3-j\u00e4hrige entsprechende regelm\u00e4\u00dfige Erfahrung als K\u00fcnstlerin*; oder 8-j\u00e4hrige Ausstellungst\u00e4tigkeit (ohne Hochschulabschluss).<\/p>\n\n\n\n<p class=\"wp-block-paragraph\">F\u00fcr die Ausstellungen ist ein pauschales Ausstellungshonorar (inkl. Material-, Transport- und Reisekosten) von dem Verein NuDo4 iHv. \u20ac 2.500,\u2013 brutto (inkl. allf\u00e4llig anfallender USt.) vorgesehen. Ein Projekt kann auch von mehreren K\u00fcnstlerinnen* gemeinsam eingereicht werden; das Honorar steht dann den K\u00fcnstlerinnen* gemeinsam zu.<\/p>\n\n\n\n<p class=\"wp-block-paragraph\"><strong>Weitere Informationen gibt es unter: <a href=\"https:\/\/frau-schafft-raum.at\">frau-schafft-raum.at<\/a><\/strong><\/p>\n<\/div>\n\n\n\n<div class=\"wp-block-column is-layout-flow wp-block-column-is-layout-flow\" style=\"flex-basis:33.33%\">\n<p class=\"wp-block-paragraph\" style=\"text-transform:uppercase\"><strong>Kontakt<\/strong><\/p>\n\n\n\n<p class=\"wp-block-paragraph\">Kulturverein NuDo4<br>Nu\u00dfdorferstra\u00dfe 4<br>1090 Wien, \u00d6sterreich<br>Ansprechperson:<strong><br><\/strong>Anna Valentina Ennemoser<br>Mail: <a href=\"mailto:info@frau-schafft-raum.at\" target=\"_blank\" rel=\"noopener\">info(at)frau-schafft-raum.at<\/a><\/p>\n\n\n\n<p class=\"wp-block-paragraph\"><strong>Deadline: 21. September 2026<\/strong><\/p>\n<\/div>\n<\/div>\n\n\n\n<p class=\"wp-block-paragraph\"><\/p>\n","protected":false},"featured_media":3345,"template":"","tags":[],"class_list":["post-8505","call","type-call","status-publish","has-post-thumbnail","hentry"],"acf":[],"_links":{"self":[{"href":"https:\/\/www.kunstbuero-bw.de\/de\/wp-json\/wp\/v2\/call\/8505","targetHints":{"allow":["GET"]}}],"collection":[{"href":"https:\/\/www.kunstbuero-bw.de\/de\/wp-json\/wp\/v2\/call"}],"about":[{"href":"https:\/\/www.kunstbuero-bw.de\/de\/wp-json\/wp\/v2\/types\/call"}],"wp:featuredmedia":[{"embeddable":true,"href":"https:\/\/www.kunstbuero-bw.de\/de\/wp-json\/wp\/v2\/media\/3345"}],"wp:attachment":[{"href":"https:\/\/www.kunstbuero-bw.de\/de\/wp-json\/wp\/v2\/media?parent=8505"}],"wp:term":[{"taxonomy":"post_tag","embeddable":true,"href":"https:\/\/www.kunstbuero-bw.de\/de\/wp-json\/wp\/v2\/tags?post=8505"}],"curies":[{"name":"wp","href":"https:\/\/api.w.org\/{rel}","templated":true}]}}